{"id":3008,"date":"2018-09-21T13:55:04","date_gmt":"2018-09-21T11:55:04","guid":{"rendered":"http:\/\/desarrollo2.globales.es\/polisac\/politica-de-privacidade-e-protecao-de-dados\/"},"modified":"2018-09-21T13:55:05","modified_gmt":"2018-09-21T11:55:05","slug":"politica-de-privacidade-e-protecao-de-dados","status":"publish","type":"page","link":"https:\/\/www.polisac.com\/pt-pt\/politica-de-privacidade-e-protecao-de-dados\/","title":{"rendered":"POL\u00cdTICA DE PRIVACIDADE E PROTE\u00c7\u00c3O DE DADOS"},"content":{"rendered":"<div class=\"fusion-fullwidth fullwidth-box fusion-builder-row-1 nonhundred-percent-fullwidth non-hundred-percent-height-scrolling\" style=\"background-color: rgba(255,255,255,0);background-position: center center;background-repeat: no-repeat;padding-top:0px;padding-right:0px;padding-bottom:0px;padding-left:0px;margin-bottom: 0px;margin-top: 0px;border-width: 0px 0px 0px 0px;border-color:#eae9e9;border-style:solid;\" ><div class=\"fusion-builder-row fusion-row\"><div class=\"fusion-layout-column fusion_builder_column fusion-builder-column-0 fusion_builder_column_1_1 1_1 fusion-one-full fusion-column-first fusion-column-last\" style=\"margin-top:0px;margin-bottom:0px;\"><div class=\"fusion-column-wrapper fusion-flex-column-wrapper-legacy\" style=\"background-position:left top;background-repeat:no-repeat;-webkit-background-size:cover;-moz-background-size:cover;-o-background-size:cover;background-size:cover;padding: 0px 0px 0px 0px;\"><style type=\"text\/css\"><\/style><div class=\"fusion-title title fusion-title-1 sep-underline sep-solid fusion-title-text fusion-title-size-two\" style=\"border-bottom-color:#5e6276;margin-top:15px;margin-bottom:15px;\"><h2 class=\"title-heading-left\" style=\"margin:0;\"><p style=\"text-align: center;\"><span style=\"color: #5e6276;\">POL\u00cdTICA DE PRIVACIDADE E PROTE\u00c7\u00c3O DE DADOS<\/span><\/p><\/h2><\/div><div class=\"fusion-text fusion-text-1\"><p>Informa\u00e7\u00f5es adicionais e pormenorizadas sobre o uso dos seus dados pessoais<\/p>\n<h3><strong>Quem \u00e9 respons\u00e1vel pelo tratamento dos seus dados?<\/strong><\/h3>\n<p>Identidade: MANUFACTURAS POLISAC, S.A.<\/p>\n<p>NIPC: A28386597<\/p>\n<p>Endere\u00e7o postal: Avda. Balonmano Nava, 5 \u2013 Nava de la Asunci\u00f3n (40450 &#8211; Segovia)<\/p>\n<p>Telefone: 921580014<\/p>\n<p>Correio eletr\u00f3nico: polisac@polisac.com<\/p>\n<p>Respons\u00e1vel de seguran\u00e7a ou DPD: Departamento de administra\u00e7\u00e3o<\/p>\n<p>Telefone: 921580014<\/p>\n<p>Correio eletr\u00f3nico: polisac@polisac.com<\/p>\n<h3><strong>Com que finalidade tratamos os seus dados pessoais?<\/strong><\/h3>\n<p>Os dados pessoais s\u00e3o tratados com as seguintes finalidades:<\/p>\n<p>Cumprimento do dever de informa\u00e7\u00e3o e recolha dos consentimentos exigidos pelo novo regulamento europeu de prote\u00e7\u00e3o de dados pessoais.<\/p>\n<p>Gest\u00e3o da rela\u00e7\u00e3o com o cliente, elabora\u00e7\u00e3o de or\u00e7amentos ou propostas comerciais e, em caso de novos de clientes, estabelecimento da rela\u00e7\u00e3o contratual relativa \u00e0 presta\u00e7\u00e3o de servi\u00e7os de consultoria sobre diversas quest\u00f5es de cumprimento normativo e aconselhamento jur\u00eddico, a correspondente fatura\u00e7\u00e3o e a cobran\u00e7a dos servi\u00e7os. O fornecimento dos dados para este fim \u00e9 obrigat\u00f3rio, caso contr\u00e1rio n\u00e3o ser\u00e1 poss\u00edvel o cumprimento do contrato.<\/p>\n<p>Envio de comunica\u00e7\u00f5es, artigos de opini\u00e3o ou not\u00edcias, circulares informativas redigidas pelos nossos departamentos e relacionadas com a nossa atividade, exceto se manifestar o seu desacordo por qualquer meio.<\/p>\n<h3><strong>Que dados tratamos?<\/strong><\/h3>\n<p>No \u00e2mbito da presta\u00e7\u00e3o dos servi\u00e7os que disponibilizamos e em fun\u00e7\u00e3o das finalidades por si consentidas, trataremos apenas os dados estritamente necess\u00e1rios para a correta gest\u00e3o da rela\u00e7\u00e3o contratual e\/ou presta\u00e7\u00e3o dos servi\u00e7os, limitando-nos exclusivamente aos dados que nos tiver fornecido.<\/p>\n<h3><strong>Durante quanto tempo trataremos os seus dados?<\/strong><\/h3>\n<p>Conservaremos os dados pessoais por si fornecidos enquanto se mantiver a rela\u00e7\u00e3o contratual\/comercial vigente ou durante um prazo de cinco anos a contar da \u00faltima rela\u00e7\u00e3o negocial, de acordo com os regulamentos em vigor em mat\u00e9ria fiscal. N\u00e3o obstante, continuaremos a guardar os seus dados para o envio de poss\u00edveis comunica\u00e7\u00f5es comerciais que consideremos do seu interesse enquanto n\u00e3o nos solicitar o respetivo apagamento. Pode sempre exercer os direitos reconhecidos pelo regulamento em vigor, contactando-nos da forma que lhe for mais c\u00f3moda, tal como explicado adiante.<\/p>\n<h3><strong>Qual \u00e9 a base legal para o tratamento dos seus dados?<\/strong><\/h3>\n<p>A base legal para o tratamento dos seus dados \u00e9 a execu\u00e7\u00e3o do contrato de servi\u00e7os necess\u00e1rio para a realiza\u00e7\u00e3o da opera\u00e7\u00e3o negocial, sendo igualmente legitimado pelo seu pr\u00f3prio consentimento enquanto principal interessado.<\/p>\n<h3><strong>A que destinat\u00e1rios transmitiremos os seus dados?<\/strong><\/h3>\n<p>Os seus dados n\u00e3o ser\u00e3o transmitidos a terceiros n\u00e3o relacionados com a presta\u00e7\u00e3o do servi\u00e7o, exceto no caso das obriga\u00e7\u00f5es legais em vigor. Caso esta situa\u00e7\u00e3o se altere, inform\u00e1-lo-emos devidamente, solicitando o seu consentimento para a respetiva transmiss\u00e3o. Do mesmo modo, os seus dados n\u00e3o ser\u00e3o transmitidos a terceiros no estrangeiro.<\/p>\n<p>No entanto, informamos que, para a correta presta\u00e7\u00e3o dos servi\u00e7os, \u00e9 poss\u00edvel que diferentes prestadores de servi\u00e7os contratados pela nossa empresa (respons\u00e1veis pelo tratamento) tenham acesso aos dados pessoais necess\u00e1rios para o desempenho das suas fun\u00e7\u00f5es.<\/p>\n<p>Estes servi\u00e7os prestados por terceiros s\u00e3o necess\u00e1rios para o exerc\u00edcio da nossa atividade e para a presta\u00e7\u00e3o do servi\u00e7o, sendo que qualquer tratamento dos dados se rege sempre por um contrato entre o respons\u00e1vel e a nossa empresa. Em caso algum os dados ser\u00e3o utilizados para outras finalidades, sendo tratados em conformidade com as orienta\u00e7\u00f5es definidas pela nossa empresa, com a nossa pol\u00edtica de privacidade e com os regulamentos em vigor em mat\u00e9ria de prote\u00e7\u00e3o de dados.<\/p>\n<p>No \u00e2mbito do seu compromisso com a privacidade e prote\u00e7\u00e3o dos dados do utilizador, a nossa empresa escolher\u00e1 apenas prestadores de servi\u00e7os que ofere\u00e7am garantias suficientes de aplica\u00e7\u00e3o de medidas t\u00e9cnicas e organizativas adequadas, de modo a que o tratamento esteja em conformidade com a legisla\u00e7\u00e3o aplic\u00e1vel em mat\u00e9ria de prote\u00e7\u00e3o de dados, e que garantam a prote\u00e7\u00e3o dos direitos do utilizador.<\/p>\n<h3><strong>Quais s\u00e3o os seus direitos quando nos fornece os seus dados?<\/strong><\/h3>\n<p>Qualquer pessoa tem direito a confirmar se tratamos dados pessoais que lhe digam respeito. Neste contexto, tem o direito de solicitar:<\/p>\n<p>Acesso: o interessado ter\u00e1 direito a obter, junto do respons\u00e1vel pelo tratamento dos dados, a confirma\u00e7\u00e3o de que est\u00e3o a ser tratados dados relativos a si, bem como informa\u00e7\u00f5es pormenorizadas sobre determinados aspetos do tratamento que \u00e9 realizado.<\/p>\n<p>Retifica\u00e7\u00e3o: o interessado ter\u00e1 direito a solicitar a retifica\u00e7\u00e3o dos seus dados pessoais que estejam inexatos ou incompletos.<\/p>\n<p>Apagamento: o interessado ter\u00e1 direito a solicitar o apagamento dos seus dados pessoais. No entanto, esta medida est\u00e1 sujeita aos limites estabelecidos no regulamento em vigor.<\/p>\n<p>Limita\u00e7\u00e3o do tratamento: o interessado ter\u00e1 direito a solicitar a limita\u00e7\u00e3o do tratamento dos seus dados pessoais.<\/p>\n<p>Oposi\u00e7\u00e3o ao tratamento: em determinadas circunst\u00e2ncias e por motivos relacionados com a sua situa\u00e7\u00e3o particular, o interessado poder\u00e1 opor-se ao tratamento dos seus dados. A empresa deixar\u00e1 de fazer o tratamento dos dados, exceto por raz\u00f5es leg\u00edtimas e imperiosas, ou para o exerc\u00edcio ou defesa de poss\u00edveis reclama\u00e7\u00f5es.<\/p>\n<p>Direito \u00e0 portabilidade dos dados: o interessado tem direito a receber os dados pessoais que tenha disponibilizado a um respons\u00e1vel pelo tratamento, num formato estruturado, de uso comum e leitura mec\u00e2nica, e de os transmitir a outro respons\u00e1vel pelo tratamento.<\/p>\n<p>Poder\u00e1 exercer os referidos direitos, contactando o respons\u00e1vel pelo tratamento. Para esse efeito, pode utilizar os contactos indicados no in\u00edcio do presente documento. Se desejar obter informa\u00e7\u00f5es adicionais sobre o exerc\u00edcio dos seus direitos, pode igualmente contactar a Ag\u00eancia Espanhola de Prote\u00e7\u00e3o de Dados.<\/p>\n<p>De igual modo, informamos que, se o considerar oportuno, tem direito a retirar, em qualquer momento, o consentimento dado para alguma finalidade espec\u00edfica, sem que isso afete a legitimidade do tratamento com base no consentimento inicial.<\/p>\n<p>Caso considere que os seus direitos n\u00e3o est\u00e3o a ser devidamente respeitados, pode apresentar uma reclama\u00e7\u00e3o junto da Ag\u00eancia Espanhola de Prote\u00e7\u00e3o de Dados. C\/ Jorge Juan, 6. 28001 \u2013 Madrid. www.agpd.es.<\/p>\n<h3><strong>As nossas medidas de seguran\u00e7a<\/strong><\/h3>\n<p>Em conformidade com a legisla\u00e7\u00e3o aplic\u00e1vel, a MANUFACTURAS POLISAC, S.A. adotou as medidas t\u00e9cnicas e organizativas necess\u00e1rias e adaptadas ao n\u00edvel de risco de tratamento dos dados e ao seu impacto nos direitos das pessoas, com vista a garantir a seguran\u00e7a do tratamento de dados pessoais. No entanto, o utilizador deve estar ciente de que, atualmente, as medidas de seguran\u00e7a na Internet n\u00e3o s\u00e3o inviol\u00e1veis e que, como tal, n\u00e3o est\u00e1 a salvo de poss\u00edveis acessos ilegais e indevidos, em rela\u00e7\u00e3o aos quais a MANUFACTURAS POLISAC, S.A. n\u00e3o assume qualquer responsabilidade, visto atuar sempre com a devida dilig\u00eancia para proteger os dados pessoais de acordo com a lei.<\/p>\n<\/div><div class=\"fusion-clearfix\"><\/div><\/div><\/div><\/div><\/div>\n","protected":false},"excerpt":{"rendered":"","protected":false},"author":1,"featured_media":0,"parent":0,"menu_order":0,"comment_status":"closed","ping_status":"closed","template":"","meta":{"footnotes":""},"class_list":["post-3008","page","type-page","status-publish","hentry"],"yoast_head":"<!-- This site is optimized with the Yoast SEO plugin v27.5 - https:\/\/yoast.com\/product\/yoast-seo-wordpress\/ -->\n<title>POL\u00cdTICA DE PRIVACIDADE E PROTE\u00c7\u00c3O DE DADOS - Manufacturas Polisac<\/title>\n<meta name=\"robots\" content=\"index, follow, max-snippet:-1, max-image-preview:large, max-video-preview:-1\" \/>\n<link rel=\"canonical\" href=\"https:\/\/www.polisac.com\/pt-pt\/politica-de-privacidade-e-protecao-de-dados\/\" \/>\n<meta property=\"og:locale\" content=\"pt_PT\" \/>\n<meta property=\"og:type\" content=\"article\" \/>\n<meta property=\"og:title\" content=\"POL\u00cdTICA DE PRIVACIDADE E PROTE\u00c7\u00c3O DE DADOS - Manufacturas Polisac\" \/>\n<meta property=\"og:url\" content=\"https:\/\/www.polisac.com\/pt-pt\/politica-de-privacidade-e-protecao-de-dados\/\" \/>\n<meta property=\"og:site_name\" content=\"Manufacturas Polisac\" \/>\n<meta property=\"article:modified_time\" content=\"2018-09-21T11:55:05+00:00\" \/>\n<meta name=\"twitter:card\" content=\"summary_large_image\" \/>\n<meta name=\"twitter:label1\" content=\"Tempo estimado de leitura\" \/>\n\t<meta name=\"twitter:data1\" content=\"7 minutos\" \/>\n<script type=\"application\/ld+json\" class=\"yoast-schema-graph\">{\"@context\":\"https:\\\/\\\/schema.org\",\"@graph\":[{\"@type\":\"WebPage\",\"@id\":\"https:\\\/\\\/www.polisac.com\\\/pt-pt\\\/politica-de-privacidade-e-protecao-de-dados\\\/\",\"url\":\"https:\\\/\\\/www.polisac.com\\\/pt-pt\\\/politica-de-privacidade-e-protecao-de-dados\\\/\",\"name\":\"POL\u00cdTICA DE PRIVACIDADE E PROTE\u00c7\u00c3O DE DADOS - Manufacturas Polisac\",\"isPartOf\":{\"@id\":\"https:\\\/\\\/www.polisac.com\\\/#website\"},\"datePublished\":\"2018-09-21T11:55:04+00:00\",\"dateModified\":\"2018-09-21T11:55:05+00:00\",\"breadcrumb\":{\"@id\":\"https:\\\/\\\/www.polisac.com\\\/pt-pt\\\/politica-de-privacidade-e-protecao-de-dados\\\/#breadcrumb\"},\"inLanguage\":\"pt-PT\",\"potentialAction\":[{\"@type\":\"ReadAction\",\"target\":[\"https:\\\/\\\/www.polisac.com\\\/pt-pt\\\/politica-de-privacidade-e-protecao-de-dados\\\/\"]}]},{\"@type\":\"BreadcrumbList\",\"@id\":\"https:\\\/\\\/www.polisac.com\\\/pt-pt\\\/politica-de-privacidade-e-protecao-de-dados\\\/#breadcrumb\",\"itemListElement\":[{\"@type\":\"ListItem\",\"position\":1,\"name\":\"Home\",\"item\":\"https:\\\/\\\/www.polisac.com\\\/pt-pt\\\/\"},{\"@type\":\"ListItem\",\"position\":2,\"name\":\"POL\u00cdTICA DE PRIVACIDADE E PROTE\u00c7\u00c3O DE DADOS\"}]},{\"@type\":\"WebSite\",\"@id\":\"https:\\\/\\\/www.polisac.com\\\/#website\",\"url\":\"https:\\\/\\\/www.polisac.com\\\/\",\"name\":\"Manufacturas Polisac\",\"description\":\"\",\"publisher\":{\"@id\":\"https:\\\/\\\/www.polisac.com\\\/#organization\"},\"potentialAction\":[{\"@type\":\"SearchAction\",\"target\":{\"@type\":\"EntryPoint\",\"urlTemplate\":\"https:\\\/\\\/www.polisac.com\\\/?s={search_term_string}\"},\"query-input\":{\"@type\":\"PropertyValueSpecification\",\"valueRequired\":true,\"valueName\":\"search_term_string\"}}],\"inLanguage\":\"pt-PT\"},{\"@type\":\"Organization\",\"@id\":\"https:\\\/\\\/www.polisac.com\\\/#organization\",\"name\":\"Polisac\",\"url\":\"https:\\\/\\\/www.polisac.com\\\/\",\"logo\":{\"@type\":\"ImageObject\",\"inLanguage\":\"pt-PT\",\"@id\":\"https:\\\/\\\/www.polisac.com\\\/#\\\/schema\\\/logo\\\/image\\\/\",\"url\":\"https:\\\/\\\/www.polisac.com\\\/wp-content\\\/uploads\\\/2018\\\/07\\\/cover_presentacion.jpg\",\"contentUrl\":\"https:\\\/\\\/www.polisac.com\\\/wp-content\\\/uploads\\\/2018\\\/07\\\/cover_presentacion.jpg\",\"width\":1260,\"height\":780,\"caption\":\"Polisac\"},\"image\":{\"@id\":\"https:\\\/\\\/www.polisac.com\\\/#\\\/schema\\\/logo\\\/image\\\/\"}}]}<\/script>\n<!-- \/ Yoast SEO plugin. -->","yoast_head_json":{"title":"POL\u00cdTICA DE PRIVACIDADE E PROTE\u00c7\u00c3O DE DADOS - Manufacturas Polisac","robots":{"index":"index","follow":"follow","max-snippet":"max-snippet:-1","max-image-preview":"max-image-preview:large","max-video-preview":"max-video-preview:-1"},"canonical":"https:\/\/www.polisac.com\/pt-pt\/politica-de-privacidade-e-protecao-de-dados\/","og_locale":"pt_PT","og_type":"article","og_title":"POL\u00cdTICA DE PRIVACIDADE E PROTE\u00c7\u00c3O DE DADOS - Manufacturas Polisac","og_url":"https:\/\/www.polisac.com\/pt-pt\/politica-de-privacidade-e-protecao-de-dados\/","og_site_name":"Manufacturas Polisac","article_modified_time":"2018-09-21T11:55:05+00:00","twitter_card":"summary_large_image","twitter_misc":{"Tempo estimado de leitura":"7 minutos"},"schema":{"@context":"https:\/\/schema.org","@graph":[{"@type":"WebPage","@id":"https:\/\/www.polisac.com\/pt-pt\/politica-de-privacidade-e-protecao-de-dados\/","url":"https:\/\/www.polisac.com\/pt-pt\/politica-de-privacidade-e-protecao-de-dados\/","name":"POL\u00cdTICA DE PRIVACIDADE E PROTE\u00c7\u00c3O DE DADOS - Manufacturas Polisac","isPartOf":{"@id":"https:\/\/www.polisac.com\/#website"},"datePublished":"2018-09-21T11:55:04+00:00","dateModified":"2018-09-21T11:55:05+00:00","breadcrumb":{"@id":"https:\/\/www.polisac.com\/pt-pt\/politica-de-privacidade-e-protecao-de-dados\/#breadcrumb"},"inLanguage":"pt-PT","potentialAction":[{"@type":"ReadAction","target":["https:\/\/www.polisac.com\/pt-pt\/politica-de-privacidade-e-protecao-de-dados\/"]}]},{"@type":"BreadcrumbList","@id":"https:\/\/www.polisac.com\/pt-pt\/politica-de-privacidade-e-protecao-de-dados\/#breadcrumb","itemListElement":[{"@type":"ListItem","position":1,"name":"Home","item":"https:\/\/www.polisac.com\/pt-pt\/"},{"@type":"ListItem","position":2,"name":"POL\u00cdTICA DE PRIVACIDADE E PROTE\u00c7\u00c3O DE DADOS"}]},{"@type":"WebSite","@id":"https:\/\/www.polisac.com\/#website","url":"https:\/\/www.polisac.com\/","name":"Manufacturas Polisac","description":"","publisher":{"@id":"https:\/\/www.polisac.com\/#organization"},"potentialAction":[{"@type":"SearchAction","target":{"@type":"EntryPoint","urlTemplate":"https:\/\/www.polisac.com\/?s={search_term_string}"},"query-input":{"@type":"PropertyValueSpecification","valueRequired":true,"valueName":"search_term_string"}}],"inLanguage":"pt-PT"},{"@type":"Organization","@id":"https:\/\/www.polisac.com\/#organization","name":"Polisac","url":"https:\/\/www.polisac.com\/","logo":{"@type":"ImageObject","inLanguage":"pt-PT","@id":"https:\/\/www.polisac.com\/#\/schema\/logo\/image\/","url":"https:\/\/www.polisac.com\/wp-content\/uploads\/2018\/07\/cover_presentacion.jpg","contentUrl":"https:\/\/www.polisac.com\/wp-content\/uploads\/2018\/07\/cover_presentacion.jpg","width":1260,"height":780,"caption":"Polisac"},"image":{"@id":"https:\/\/www.polisac.com\/#\/schema\/logo\/image\/"}}]}},"_links":{"self":[{"href":"https:\/\/www.polisac.com\/pt-pt\/wp-json\/wp\/v2\/pages\/3008","targetHints":{"allow":["GET"]}}],"collection":[{"href":"https:\/\/www.polisac.com\/pt-pt\/wp-json\/wp\/v2\/pages"}],"about":[{"href":"https:\/\/www.polisac.com\/pt-pt\/wp-json\/wp\/v2\/types\/page"}],"author":[{"embeddable":true,"href":"https:\/\/www.polisac.com\/pt-pt\/wp-json\/wp\/v2\/users\/1"}],"replies":[{"embeddable":true,"href":"https:\/\/www.polisac.com\/pt-pt\/wp-json\/wp\/v2\/comments?post=3008"}],"version-history":[{"count":1,"href":"https:\/\/www.polisac.com\/pt-pt\/wp-json\/wp\/v2\/pages\/3008\/revisions"}],"predecessor-version":[{"id":3009,"href":"https:\/\/www.polisac.com\/pt-pt\/wp-json\/wp\/v2\/pages\/3008\/revisions\/3009"}],"wp:attachment":[{"href":"https:\/\/www.polisac.com\/pt-pt\/wp-json\/wp\/v2\/media?parent=3008"}],"curies":[{"name":"wp","href":"https:\/\/api.w.org\/{rel}","templated":true}]}}