{"id":2941,"date":"2018-09-21T13:13:03","date_gmt":"2018-09-21T11:13:03","guid":{"rendered":"http:\/\/desarrollo2.globales.es\/polisac\/informativa-sulla-privacy-e-sulla-protezione-dei-dati\/"},"modified":"2018-09-21T13:13:05","modified_gmt":"2018-09-21T11:13:05","slug":"informativa-sulla-privacy-e-sulla-protezione-dei-dati","status":"publish","type":"page","link":"https:\/\/www.polisac.com\/it\/informativa-sulla-privacy-e-sulla-protezione-dei-dati\/","title":{"rendered":"INFORMATIVA SULLA PRIVACY E SULLA PROTEZIONE DEI DATI"},"content":{"rendered":"<div class=\"fusion-fullwidth fullwidth-box fusion-builder-row-1 nonhundred-percent-fullwidth non-hundred-percent-height-scrolling\" style=\"background-color: rgba(255,255,255,0);background-position: center center;background-repeat: no-repeat;padding-top:0px;padding-right:0px;padding-bottom:0px;padding-left:0px;margin-bottom: 0px;margin-top: 0px;border-width: 0px 0px 0px 0px;border-color:#eae9e9;border-style:solid;\" ><div class=\"fusion-builder-row fusion-row\"><div class=\"fusion-layout-column fusion_builder_column fusion-builder-column-0 fusion_builder_column_1_1 1_1 fusion-one-full fusion-column-first fusion-column-last\" style=\"margin-top:0px;margin-bottom:0px;\"><div class=\"fusion-column-wrapper fusion-flex-column-wrapper-legacy\" style=\"background-position:left top;background-repeat:no-repeat;-webkit-background-size:cover;-moz-background-size:cover;-o-background-size:cover;background-size:cover;padding: 0px 0px 0px 0px;\"><style type=\"text\/css\"><\/style><div class=\"fusion-title title fusion-title-1 sep-underline sep-solid fusion-title-text fusion-title-size-two\" style=\"border-bottom-color:#5e6276;margin-top:15px;margin-bottom:15px;\"><h2 class=\"title-heading-left\" style=\"margin:0;\"><p style=\"text-align: center;\"><span style=\"color: #5e6276;\">INFORMATIVA SULLA PRIVACY E SULLA PROTEZIONE DEI DATI<\/span><\/p><\/h2><\/div><div class=\"fusion-text fusion-text-1\"><p>Informazioni aggiuntive e dettagliate sull&#8217;utilizzo dei vostri dati personali<\/p>\n<h3><strong>Chi \u00e8 responsabile del trattamento dei dati?<\/strong><\/h3>\n<p>Identit\u00e0: MANUFACTURAS POLISAC, S.A.<\/p>\n<p>CODICE FISCALE: A28386597<\/p>\n<p>Indirizzo postale: Avda. Balonmano Nava, 5 &#8211; Nava de la Asunci\u00f3n (40450 &#8211; Segovia)<\/p>\n<p>Telefono: 921580014<\/p>\n<p>E-mail: polisac@polisac.com<\/p>\n<p>Responsabile della sicurezza o DPD nel vostro caso: Reparto Amministrazione<\/p>\n<p>Telefono: 921580014<\/p>\n<p>E-mail: polisac@polisac.com<\/p>\n<h3><strong>Per quale scopo trattiamo i vostri dati personali?<\/strong><\/h3>\n<p>Trattiamo i dati personali che ci fornite per le seguenti finalit\u00e0:<\/p>\n<p>Rispettare l&#8217;obbligo di informazione e ottenere i consensi richiesti dalla nuova normativa europea in materia di protezione dei dati personali.<\/p>\n<p>La gestione del rapporto con il cliente, la generazione di budget o proposte commerciali, e in caso di divenire clienti, il rapporto contrattuale relativo all&#8217;erogazione di servizi di consulenza sui vari aspetti di conformit\u00e0 normativa e di consulenza legale, la relativa fatturazione e riscossione dei servizi. Il conferimento dei dati a tale scopo \u00e8 obbligatorio, pena l&#8217;impossibilit\u00e0 di adempiere al contratto.<\/p>\n<p>L&#8217;invio di comunicazioni, opinioni o notizie, circolari informative scritte dai nostri servizi e relative alla nostra attivit\u00e0, salvo che non esprimiate la vostra opposizione con qualsiasi mezzo.<\/p>\n<h3><strong>Quali dati elaboriamo?<\/strong><\/h3>\n<p>Nell&#8217;ambito della fornitura dei servizi da noi offerti e per le finalit\u00e0 da Lei concordate, la nostra entit\u00e0 tratter\u00e0 esclusivamente i dati strettamente necessari alla corretta gestione del rapporto contrattuale e\/o alla fornitura dei servizi, e saranno esclusivamente quelli da Lei forniti.<\/p>\n<h3><strong>Quanto tempo tratteremo i vostri dati?<\/strong><\/h3>\n<p>I dati personali da Lei forniti verranno conservati per tutta la durata del rapporto contrattuale\/commerciale in essere o per un periodo di cinque anni dall&#8217;ultimo rapporto commerciale, in conformit\u00e0 alla normativa fiscale. Tuttavia, la nostra societ\u00e0 continuer\u00e0 a conservare i suoi dati per l&#8217;invio di eventuali comunicazioni commerciali che riterr\u00e0 di suo interesse, fino a quando l&#8217;interessato non ne richieder\u00e0 la cancellazione. Pu\u00f2 sempre esercitare i suoi diritti ai sensi della legislazione vigente contattandoci tramite i mezzi pi\u00f9 convenienti, come spiegato di seguito.<\/p>\n<h3><strong>Qual \u00e8 la legittimit\u00e0 per il trattamento dei Suoi dati?<\/strong><\/h3>\n<p>La base giuridica per il trattamento dei Suoi dati \u00e8 l&#8217;esecuzione del contratto di servizio necessario per l&#8217;esecuzione della transazione commerciale o tale legittimazione \u00e8 concessa dal Suo consenso espresso in qualit\u00e0 di persona e principale interessato.<\/p>\n<h3><strong>A chi saranno inviati i suoi dati?<\/strong><\/h3>\n<p>I Suoi dati non saranno comunicati a terzi non collegati alla fornitura del servizio, se non per obblighi di legge. In ogni caso che modifichi tale possibilit\u00e0, sar\u00e0 debitamente informato richiedendo il suo consenso per tale cessione. Si prega di notare che non saranno effettuati bonifici internazionali.<\/p>\n<p>La informiamo tuttavia che, ai fini della corretta erogazione dei servizi, \u00e8 possibile che diversi fornitori di servizi contrattati dalla nostra societ\u00e0 (responsabili del trattamento) abbiano accesso ai dati personali necessari per lo svolgimento delle loro funzioni.<\/p>\n<p>Questi servizi forniti da terzi sono necessari per lo sviluppo della nostra attivit\u00e0 e la fornitura del servizio, e in ogni momento, il trattamento dei dati che essi svolgono \u00e8 disciplinato da un contratto che vincola il gestore alla nostra entit\u00e0. In nessun caso utilizzeranno le informazioni per altri scopi e le tratteranno in conformit\u00e0 alle linee guida stabilite dalla nostra entit\u00e0, alla nostra politica sulla privacy e alla legislazione vigente in materia di protezione dei dati.<\/p>\n<p>La nostra societ\u00e0, nel suo impegno per la privacy e la protezione dei dati dell&#8217;Utente, sceglier\u00e0 solo fornitori di servizi che offrano garanzie sufficienti per applicare adeguate misure tecniche e organizzative, in modo che il trattamento sia conforme alla legislazione applicabile in materia di protezione dei dati e garantisca la tutela dei diritti dell&#8217;Utente.<\/p>\n<h3><strong>Quali sono i suoi diritti quando ci fornisce i suoi dati?<\/strong><\/h3>\n<p>Chiunque ha diritto di ottenere la conferma dell&#8217;esistenza o meno di trattamenti di dati personali che lo riguardano. A questo proposito, ha il diritto di presentare la vostra candidatura:<\/p>\n<p>Accesso: l&#8217;interessato ha il diritto di ottenere dal responsabile del trattamento la conferma del trattamento dei dati che lo riguardano e informazioni dettagliate su taluni aspetti del trattamento stesso.<\/p>\n<p>Rettifica: L&#8217;interessato ha il diritto di ottenere la rettifica di dati personali inesatti o incompleti.<\/p>\n<p>Cancellazione: l&#8217;interessato ha il diritto di chiedere la cancellazione dei propri dati personali; in ogni caso la cancellazione \u00e8 soggetta ai limiti stabiliti dalla normativa vigente.<\/p>\n<p>Limitazione del trattamento: l&#8217;interessato ha il diritto di chiedere una limitazione per quanto riguarda il trattamento dei suoi dati personali.<\/p>\n<p>Opposizione al trattamento: In determinate circostanze e per motivi connessi alla loro situazione particolare, le persone interessate possono opporsi al trattamento dei loro dati. L&#8217;interessato cesser\u00e0 il trattamento dei dati, se non per motivi legittimi, impellenti o per l&#8217;esercizio o la difesa di eventuali diritti.<\/p>\n<p>Diritto alla portabilit\u00e0 dei vostri dati: In altre parole, ha il diritto di ricevere i dati personali che lo riguardano, che ha fornito a un responsabile del trattamento, in un formato strutturato, di uso comune e leggibile meccanicamente, e di trasmetterli a un altro responsabile del trattamento.<\/p>\n<p>Potete esercitare tali diritti rivolgendovi al responsabile. Per fare ci\u00f2, \u00e8 possibile utilizzare i dati di contatto forniti all&#8217;inizio di questo documento. Per ottenere ulteriori informazioni sull&#8217;esercizio dei propri diritti, pu\u00f2 rivolgersi all&#8217;Agenzia Spagnola per la Protezione dei Dati Personali.<\/p>\n<p>La informiamo inoltre che, se lo ritiene opportuno, ha il diritto di revocare, in qualsiasi momento, il consenso concesso per uno scopo specifico, senza pregiudicare la liceit\u00e0 del trattamento, sulla base del consenso prima del suo ritiro.<\/p>\n<p>Se ritenete che i vostri diritti non siano stati adeguatamente rispettati, potete presentare un reclamo all&#8217;Agenzia Spagnola per la Protezione dei Dati. C\/ Jorge Juan, 6. 28001 &#8211; Madrid. www.agpd.es.<\/p>\n<h3><strong>Le nostre misure di sicurezza<\/strong><\/h3>\n<p>MANUFACTURAS POLISAC, S.A. ha adottato le misure tecniche e organizzative necessarie in relazione al livello di rischio del trattamento dei dati e al suo impatto sui diritti delle persone fisiche a garantire la sicurezza del trattamento dei dati personali, che sono e siano sempre previsti dalla legislazione applicabile. Tuttavia, l&#8217;utente deve essere consapevole che attualmente le misure di sicurezza di Internet non sono inespugnabili e pertanto non sono al riparo da possibili intrusioni illegali e improprie, che non sarebbero responsabilit\u00e0 di MANUFACTURAS POLISAC, S.A., poich\u00e9 in ogni momento ha agito con la dovuta diligenza per proteggere i dati come stabilito dalla legge.<\/p>\n<\/div><div class=\"fusion-clearfix\"><\/div><\/div><\/div><\/div><\/div>\n","protected":false},"excerpt":{"rendered":"","protected":false},"author":1,"featured_media":0,"parent":0,"menu_order":0,"comment_status":"closed","ping_status":"closed","template":"","meta":{"footnotes":""},"class_list":["post-2941","page","type-page","status-publish","hentry"],"yoast_head":"<!-- This site is optimized with the Yoast SEO plugin v27.5 - https:\/\/yoast.com\/product\/yoast-seo-wordpress\/ -->\n<title>INFORMATIVA SULLA PRIVACY E SULLA PROTEZIONE DEI DATI - Manufacturas Polisac<\/title>\n<meta name=\"robots\" content=\"index, follow, max-snippet:-1, max-image-preview:large, max-video-preview:-1\" \/>\n<link rel=\"canonical\" href=\"https:\/\/www.polisac.com\/it\/informativa-sulla-privacy-e-sulla-protezione-dei-dati\/\" \/>\n<meta property=\"og:locale\" content=\"it_IT\" \/>\n<meta property=\"og:type\" content=\"article\" \/>\n<meta property=\"og:title\" content=\"INFORMATIVA SULLA PRIVACY E SULLA PROTEZIONE DEI DATI - Manufacturas Polisac\" \/>\n<meta property=\"og:url\" content=\"https:\/\/www.polisac.com\/it\/informativa-sulla-privacy-e-sulla-protezione-dei-dati\/\" \/>\n<meta property=\"og:site_name\" content=\"Manufacturas Polisac\" \/>\n<meta property=\"article:modified_time\" content=\"2018-09-21T11:13:05+00:00\" \/>\n<meta name=\"twitter:card\" content=\"summary_large_image\" \/>\n<meta name=\"twitter:label1\" content=\"Tempo di lettura stimato\" \/>\n\t<meta name=\"twitter:data1\" content=\"6 minuti\" \/>\n<script type=\"application\/ld+json\" class=\"yoast-schema-graph\">{\"@context\":\"https:\\\/\\\/schema.org\",\"@graph\":[{\"@type\":\"WebPage\",\"@id\":\"https:\\\/\\\/www.polisac.com\\\/it\\\/informativa-sulla-privacy-e-sulla-protezione-dei-dati\\\/\",\"url\":\"https:\\\/\\\/www.polisac.com\\\/it\\\/informativa-sulla-privacy-e-sulla-protezione-dei-dati\\\/\",\"name\":\"INFORMATIVA SULLA PRIVACY E SULLA PROTEZIONE DEI DATI - Manufacturas Polisac\",\"isPartOf\":{\"@id\":\"https:\\\/\\\/www.polisac.com\\\/#website\"},\"datePublished\":\"2018-09-21T11:13:03+00:00\",\"dateModified\":\"2018-09-21T11:13:05+00:00\",\"breadcrumb\":{\"@id\":\"https:\\\/\\\/www.polisac.com\\\/it\\\/informativa-sulla-privacy-e-sulla-protezione-dei-dati\\\/#breadcrumb\"},\"inLanguage\":\"it-IT\",\"potentialAction\":[{\"@type\":\"ReadAction\",\"target\":[\"https:\\\/\\\/www.polisac.com\\\/it\\\/informativa-sulla-privacy-e-sulla-protezione-dei-dati\\\/\"]}]},{\"@type\":\"BreadcrumbList\",\"@id\":\"https:\\\/\\\/www.polisac.com\\\/it\\\/informativa-sulla-privacy-e-sulla-protezione-dei-dati\\\/#breadcrumb\",\"itemListElement\":[{\"@type\":\"ListItem\",\"position\":1,\"name\":\"Home\",\"item\":\"https:\\\/\\\/www.polisac.com\\\/it\\\/\"},{\"@type\":\"ListItem\",\"position\":2,\"name\":\"INFORMATIVA SULLA PRIVACY E SULLA PROTEZIONE DEI DATI\"}]},{\"@type\":\"WebSite\",\"@id\":\"https:\\\/\\\/www.polisac.com\\\/#website\",\"url\":\"https:\\\/\\\/www.polisac.com\\\/\",\"name\":\"Manufacturas Polisac\",\"description\":\"\",\"publisher\":{\"@id\":\"https:\\\/\\\/www.polisac.com\\\/#organization\"},\"potentialAction\":[{\"@type\":\"SearchAction\",\"target\":{\"@type\":\"EntryPoint\",\"urlTemplate\":\"https:\\\/\\\/www.polisac.com\\\/?s={search_term_string}\"},\"query-input\":{\"@type\":\"PropertyValueSpecification\",\"valueRequired\":true,\"valueName\":\"search_term_string\"}}],\"inLanguage\":\"it-IT\"},{\"@type\":\"Organization\",\"@id\":\"https:\\\/\\\/www.polisac.com\\\/#organization\",\"name\":\"Polisac\",\"url\":\"https:\\\/\\\/www.polisac.com\\\/\",\"logo\":{\"@type\":\"ImageObject\",\"inLanguage\":\"it-IT\",\"@id\":\"https:\\\/\\\/www.polisac.com\\\/#\\\/schema\\\/logo\\\/image\\\/\",\"url\":\"https:\\\/\\\/www.polisac.com\\\/wp-content\\\/uploads\\\/2018\\\/07\\\/cover_presentacion.jpg\",\"contentUrl\":\"https:\\\/\\\/www.polisac.com\\\/wp-content\\\/uploads\\\/2018\\\/07\\\/cover_presentacion.jpg\",\"width\":1260,\"height\":780,\"caption\":\"Polisac\"},\"image\":{\"@id\":\"https:\\\/\\\/www.polisac.com\\\/#\\\/schema\\\/logo\\\/image\\\/\"}}]}<\/script>\n<!-- \/ Yoast SEO plugin. -->","yoast_head_json":{"title":"INFORMATIVA SULLA PRIVACY E SULLA PROTEZIONE DEI DATI - Manufacturas Polisac","robots":{"index":"index","follow":"follow","max-snippet":"max-snippet:-1","max-image-preview":"max-image-preview:large","max-video-preview":"max-video-preview:-1"},"canonical":"https:\/\/www.polisac.com\/it\/informativa-sulla-privacy-e-sulla-protezione-dei-dati\/","og_locale":"it_IT","og_type":"article","og_title":"INFORMATIVA SULLA PRIVACY E SULLA PROTEZIONE DEI DATI - Manufacturas Polisac","og_url":"https:\/\/www.polisac.com\/it\/informativa-sulla-privacy-e-sulla-protezione-dei-dati\/","og_site_name":"Manufacturas Polisac","article_modified_time":"2018-09-21T11:13:05+00:00","twitter_card":"summary_large_image","twitter_misc":{"Tempo di lettura stimato":"6 minuti"},"schema":{"@context":"https:\/\/schema.org","@graph":[{"@type":"WebPage","@id":"https:\/\/www.polisac.com\/it\/informativa-sulla-privacy-e-sulla-protezione-dei-dati\/","url":"https:\/\/www.polisac.com\/it\/informativa-sulla-privacy-e-sulla-protezione-dei-dati\/","name":"INFORMATIVA SULLA PRIVACY E SULLA PROTEZIONE DEI DATI - Manufacturas Polisac","isPartOf":{"@id":"https:\/\/www.polisac.com\/#website"},"datePublished":"2018-09-21T11:13:03+00:00","dateModified":"2018-09-21T11:13:05+00:00","breadcrumb":{"@id":"https:\/\/www.polisac.com\/it\/informativa-sulla-privacy-e-sulla-protezione-dei-dati\/#breadcrumb"},"inLanguage":"it-IT","potentialAction":[{"@type":"ReadAction","target":["https:\/\/www.polisac.com\/it\/informativa-sulla-privacy-e-sulla-protezione-dei-dati\/"]}]},{"@type":"BreadcrumbList","@id":"https:\/\/www.polisac.com\/it\/informativa-sulla-privacy-e-sulla-protezione-dei-dati\/#breadcrumb","itemListElement":[{"@type":"ListItem","position":1,"name":"Home","item":"https:\/\/www.polisac.com\/it\/"},{"@type":"ListItem","position":2,"name":"INFORMATIVA SULLA PRIVACY E SULLA PROTEZIONE DEI DATI"}]},{"@type":"WebSite","@id":"https:\/\/www.polisac.com\/#website","url":"https:\/\/www.polisac.com\/","name":"Manufacturas Polisac","description":"","publisher":{"@id":"https:\/\/www.polisac.com\/#organization"},"potentialAction":[{"@type":"SearchAction","target":{"@type":"EntryPoint","urlTemplate":"https:\/\/www.polisac.com\/?s={search_term_string}"},"query-input":{"@type":"PropertyValueSpecification","valueRequired":true,"valueName":"search_term_string"}}],"inLanguage":"it-IT"},{"@type":"Organization","@id":"https:\/\/www.polisac.com\/#organization","name":"Polisac","url":"https:\/\/www.polisac.com\/","logo":{"@type":"ImageObject","inLanguage":"it-IT","@id":"https:\/\/www.polisac.com\/#\/schema\/logo\/image\/","url":"https:\/\/www.polisac.com\/wp-content\/uploads\/2018\/07\/cover_presentacion.jpg","contentUrl":"https:\/\/www.polisac.com\/wp-content\/uploads\/2018\/07\/cover_presentacion.jpg","width":1260,"height":780,"caption":"Polisac"},"image":{"@id":"https:\/\/www.polisac.com\/#\/schema\/logo\/image\/"}}]}},"_links":{"self":[{"href":"https:\/\/www.polisac.com\/it\/wp-json\/wp\/v2\/pages\/2941","targetHints":{"allow":["GET"]}}],"collection":[{"href":"https:\/\/www.polisac.com\/it\/wp-json\/wp\/v2\/pages"}],"about":[{"href":"https:\/\/www.polisac.com\/it\/wp-json\/wp\/v2\/types\/page"}],"author":[{"embeddable":true,"href":"https:\/\/www.polisac.com\/it\/wp-json\/wp\/v2\/users\/1"}],"replies":[{"embeddable":true,"href":"https:\/\/www.polisac.com\/it\/wp-json\/wp\/v2\/comments?post=2941"}],"version-history":[{"count":1,"href":"https:\/\/www.polisac.com\/it\/wp-json\/wp\/v2\/pages\/2941\/revisions"}],"predecessor-version":[{"id":2942,"href":"https:\/\/www.polisac.com\/it\/wp-json\/wp\/v2\/pages\/2941\/revisions\/2942"}],"wp:attachment":[{"href":"https:\/\/www.polisac.com\/it\/wp-json\/wp\/v2\/media?parent=2941"}],"curies":[{"name":"wp","href":"https:\/\/api.w.org\/{rel}","templated":true}]}}