{"id":2878,"date":"2018-09-21T12:20:46","date_gmt":"2018-09-21T10:20:46","guid":{"rendered":"http:\/\/desarrollo2.globales.es\/polisac\/politique-de-confidentialite-et-de-protection-des-donnees\/"},"modified":"2018-09-21T12:20:46","modified_gmt":"2018-09-21T10:20:46","slug":"politique-de-confidentialite-et-de-protection-des-donnees","status":"publish","type":"page","link":"https:\/\/www.polisac.com\/fr\/politique-de-confidentialite-et-de-protection-des-donnees\/","title":{"rendered":"POLITIQUE DE CONFIDENTIALIT\u00c9 ET DE PROTECTION DES DONN\u00c9ES"},"content":{"rendered":"<div class=\"fusion-fullwidth fullwidth-box fusion-builder-row-1 nonhundred-percent-fullwidth non-hundred-percent-height-scrolling\" style=\"background-color: rgba(255,255,255,0);background-position: center center;background-repeat: no-repeat;padding-top:0px;padding-right:0px;padding-bottom:0px;padding-left:0px;margin-bottom: 0px;margin-top: 0px;border-width: 0px 0px 0px 0px;border-color:#eae9e9;border-style:solid;\" ><div class=\"fusion-builder-row fusion-row\"><div class=\"fusion-layout-column fusion_builder_column fusion-builder-column-0 fusion_builder_column_1_1 1_1 fusion-one-full fusion-column-first fusion-column-last\" style=\"margin-top:0px;margin-bottom:0px;\"><div class=\"fusion-column-wrapper fusion-flex-column-wrapper-legacy\" style=\"background-position:left top;background-repeat:no-repeat;-webkit-background-size:cover;-moz-background-size:cover;-o-background-size:cover;background-size:cover;padding: 0px 0px 0px 0px;\"><style type=\"text\/css\"><\/style><div class=\"fusion-title title fusion-title-1 sep-underline sep-solid fusion-title-text fusion-title-size-two\" style=\"border-bottom-color:#5e6276;margin-top:15px;margin-bottom:15px;\"><h2 class=\"title-heading-left\" style=\"margin:0;\"><p style=\"text-align: center;\"><span style=\"color: #5e6276;\">POLITIQUE DE CONFIDENTIALIT\u00c9 ET DE PROTECTION DES DONN\u00c9ES<\/span><\/p><\/h2><\/div><div class=\"fusion-text fusion-text-1\"><p>Information suppl\u00e9mentaire et d\u00e9taill\u00e9e sur l\u2019utilisation de vos donn\u00e9es personnelles<\/p>\n<h3><strong>Qui est responsable du traitement de vos donn\u00e9es\u00a0?<\/strong><\/h3>\n<p>Identit\u00e9 : MANUFACTURAS POLISAC, S.A.<\/p>\n<p>CIF (identifiant fiscal) : A28386597<\/p>\n<p>Adresse postale : Avda. Balonmano Nava, 5 \u2013 Nava de la Asunci\u00f3n (40450 -Segovia)<\/p>\n<p>T\u00e9l\u00e9phone\u00a0: +34 921580014<\/p>\n<p>Courriel : info@polisac.com<\/p>\n<p>Responsable de la s\u00e9curit\u00e9 ou DPD le cas \u00e9ch\u00e9ant : Dpt. Administration<\/p>\n<p>T\u00e9l\u00e9phone\u00a0: +34 921580014<\/p>\n<p>Courriel : info@polisac.com<\/p>\n<h3><strong>Quelles sont les objectifs poursuivis en traitant vos donn\u00e9es personnelles\u00a0?<\/strong><\/h3>\n<p>Nous traitons les donn\u00e9es personnelles que vous nous fournissez avec les finalit\u00e9s suivantes :<\/p>\n<p>Respecter le devoir d\u2019information et d\u2019obtention des consentements requis par la nouvelle r\u00e8glementation europ\u00e9enne sur la protection des donn\u00e9es personnelles.<\/p>\n<p>La gestion de la relation client, la cr\u00e9ation de devis ou de propositions commerciales, et si vous devenez clients, effectuer le lien contractuel sur la prestation de services de consultance de diverses mati\u00e8res de respect r\u00e8glementaire et de conseil juridique, la facturation correspondante et l\u2019encaissement des services. La transmission des donn\u00e9es \u00e0 cet effet est obligatoire, emp\u00eachant autrement le respect du contrat.<\/p>\n<p>L\u2019envoi de communications, d\u2019articles d\u2019opinion ou d\u2019actualit\u00e9, de circulaires d\u2019information r\u00e9dig\u00e9es par nos d\u00e9partements et li\u00e9es \u00e0 notre activit\u00e9, sauf si vous d\u00e9clarez votre volont\u00e9 contraire par tout moyen.<\/p>\n<h3><strong>Quelles donn\u00e9es traitons-nous ?<\/strong><\/h3>\n<p>Dans le cadre de la prestation des services que nous proposons et conditionn\u00e9 par les finalit\u00e9s que vous aurez consenties, notre \u00e9tablissement ne traitera que les donn\u00e9es strictement n\u00e9cessaires pour la bonne gestion du lien contractuel et\/ou la prestation des services et sera exclusivement celles que vous nous aurez transmises.<\/p>\n<h3><strong>Pendant combien de temps conserverons-nous vos donn\u00e9es ?<\/strong><\/h3>\n<p>Les donn\u00e9es personnelles que vous nous fournirez seront conserv\u00e9es pendant toute la relation contractuelle\/marchande en vigueur ou bien pendant un d\u00e9lai de cinq ans \u00e0 partir de la derni\u00e8re relation de n\u00e9goce en suivant la r\u00e8glementation \u00e0 des effets fiscaux. Cependant, notre \u00e9tablissement continuera de conserver vos informations pour l\u2019envoi d\u2019\u00e9ventuelles communications commerciales que nous pensons pouvoir vous int\u00e9resser, tant que la personne int\u00e9ress\u00e9e ne demande pas leur suppression. Vous pourrez exercer les droits reconnus par la r\u00e8glementation en vigueur en nous contactant en vous servant de la voie qui vous semblera la plus ais\u00e9e, comme nous l\u2019expliquons ci-dessous.<\/p>\n<h3><strong>Quelle est la l\u00e9gitimation pour le traitement de vos donn\u00e9es\u00a0?<\/strong><\/h3>\n<p>La base l\u00e9gale pour le traitement de vos donn\u00e9es est l\u2019ex\u00e9cution du contrat de services n\u00e9cessaire pour la r\u00e9alisation de la transaction ou bien cette l\u00e9gitimation est donn\u00e9e par votre consentement expr\u00e8s en tant que propre et principal int\u00e9ress\u00e9.<\/p>\n<h3><strong>\u00c0 quels destinataires vos donn\u00e9es seront-elles transmises\u00a0?<\/strong><\/h3>\n<p>Nous ne communiquerons vos donn\u00e9es \u00e0 aucun tiers qui n\u2019est pas li\u00e9 \u00e0 la prestation du service, sauf les obligations l\u00e9gales en vigueur. Si cette possibilit\u00e9 change, vous sera d\u00fbment inform\u00e9 et nous demanderons votre consentement \u00e0 cette cession. Nous vous informons que nous ne r\u00e9aliserons pas de transferts internationaux.<\/p>\n<p>Cependant, nous vous informons que pour la bonne prestation des services, il est possible que diff\u00e9rents prestataires de services engag\u00e9s par notre \u00e9tablissement (responsables du traitement) puissent avoir acc\u00e8s aux informations personnelles n\u00e9cessaires pour remplir leurs fonctions.<\/p>\n<p>Ces services fournis par des tiers sont n\u00e9cessaires \u00e0 l&rsquo;exercice de notre activit\u00e9 et \u00e0 la prestation du service et \u00e0 tout moment, le traitement des donn\u00e9es r\u00e9alis\u00e9 sera r\u00e9gi par un contrat qui lie le responsable vis-\u00e0-vis de notre \u00e9tablissement. Nous n\u2019utiliserons jamais les informations \u00e0 d\u2019autres fins et nous la traiterons conform\u00e9ment aux directives stipul\u00e9es par notre \u00e9tablissement, conform\u00e9ment \u00e0 notre politique de confidentialit\u00e9 et \u00e0 la r\u00e8glementation en vigueur en mati\u00e8re de protection des donn\u00e9es.<\/p>\n<p>Notre \u00e9tablissement dans son engagement envers la confidentialit\u00e9 et la protection des donn\u00e9es de l\u2019utilisateur, choisira uniquement des prestataires de service offrant les garanties suffisantes pour appliquer des mesures techniques et organisationnelles appropri\u00e9es, de sorte que le traitement sera conforme \u00e0 la l\u00e9gislation applicable en mati\u00e8re de protection des donn\u00e9es et garantissent la protection des droits de l\u2019Utilisateur.<\/p>\n<h3><strong>Quels sont vos droits lorsque vous nous transmettez vos donn\u00e9es\u00a0?<\/strong><\/h3>\n<p>Tout int\u00e9ress\u00e9 a le droit d\u2019obtenir la confirmation pour savoir si nous traitons les donn\u00e9es personnelles qui le concernent ou non. \u00c0 cet \u00e9gard, vous avez le droit de demander :<\/p>\n<p>L\u2019acc\u00e8s : La personne int\u00e9ress\u00e9e aura le droit d\u2019obtenir du responsable du traitement la confirmation pour savoir si les donn\u00e9es qui la concernent sont trait\u00e9es ou non, ainsi que des informations d\u00e9taill\u00e9es quant \u00e0 certains aspects du traitement qui est en train d\u2019\u00eatre r\u00e9alis\u00e9.<\/p>\n<p>Rectification : La personne int\u00e9ress\u00e9e aura le droit d\u2019obtenir la rectification des donn\u00e9es personnelles inexactes qui la concernent ou de renseigner les donn\u00e9es incompl\u00e8tes.<\/p>\n<p>Suppression : La personne int\u00e9ress\u00e9e aura le droit de demander la suppression de ses donn\u00e9es personnelles, dans tous les cas la suppression sera soumise aux limites r\u00e8glementaires pr\u00e9vues.<\/p>\n<p>Limitation de traitement : La personne int\u00e9ress\u00e9e aura le droit de demander la limitation quant au traitement de ses donn\u00e9es personnelles.<\/p>\n<p>Opposition au traitement : Sous certaines circonstances et pour des raisons en rapport avec votre situation personnelle, les personnes int\u00e9ress\u00e9es pourront \u00e9galement s\u2019opposer au traitement de leurs donn\u00e9es. L\u2019\u00e9tablissement cessera de traiter les donn\u00e9es, sauf pour des raisons l\u00e9gitimes imp\u00e9ratives ou effectuer d\u2019\u00e9ventuelles r\u00e9clamations ou se d\u00e9fendre contre celles-ci.<\/p>\n<p>Droit \u00e0 la portabilit\u00e9 de vos donn\u00e9es : Vous aurez le droit de recevoir les donn\u00e9es personnelles qui vous incombent, que vous aurez transmises \u00e0 un responsable du traitement, dans un format structur\u00e9, d\u2019utilisation commune et de lecture m\u00e9canique et \u00e0 les transmettre \u00e0 un autre responsable du traitement.<\/p>\n<p>Vous pourrez exercer les droits en question, en vous adressant au responsable. \u00c0 cet effet, vous pouvez utiliser les donn\u00e9es de contact fournies au d\u00e9but du pr\u00e9sent document. Si vous d\u00e9sirez obtenir des informations suppl\u00e9mentaires quant \u00e0 l\u2019exercice de vos droits, vous pouvez \u00e9galement vous adresser \u00e0 l\u2019Agence espagnole de protection des donn\u00e9es.<\/p>\n<p>Nous vous informons \u00e9galement que, si vous le jugez opportun, vous avez le droit de retirer, \u00e0 tout moment, le consentement accord\u00e9 pour une finalit\u00e9 sp\u00e9cifique, sans que cela n\u2019affecte la l\u00e9galit\u00e9 du traitement, reposant sur le consentement pr\u00e9alable \u00e0 son retrait.<\/p>\n<p>Si vous estimez que vos droits n\u2019ont pas \u00e9t\u00e9 correctement honor\u00e9s, vous pourrez effectuer une r\u00e9clamation aupr\u00e8s de l\u2019Agence espagnole de protection des donn\u00e9es. C\/ Jorge Juan, 6. 28001 \u2013 Madrid. www.agpd.es.<\/p>\n<h3><strong>Nos mesures de s\u00e9curit\u00e9<\/strong><\/h3>\n<p><strong>MANUFACTURAS POLISAC, S.A.<\/strong> a pris les mesures de nature technique et organisationnelle n\u00e9cessaires et conform\u00e9ment au niveau de risque du traitement des donn\u00e9es et \u00e0 leur impact sur les droits des personnes pour garantir la s\u00e9curit\u00e9 du traitement des donn\u00e9es personnelles et qui sont ou qui seraient exig\u00e9es \u00e0 tout moment par la l\u00e9gislation applicable. Toutefois, l\u2019utilisateur doit \u00eatre conscient qu\u2019actuellement, les mesures de s\u00e9curit\u00e9 sur Internet ne sont pas inviolables et par cons\u00e9quent ne sont pas libre d\u2019\u00e9ventuelles intromissions ill\u00e9gales et incorrectes, qui ne seraient pas de la responsabilit\u00e9 de MANUFACTURAS POLISAC, S.A., car \u00e0 tout moment, elle a agi avec la diligence requise pour prot\u00e9ger les donn\u00e9es conform\u00e9ment aux dispositions de la Loi.<\/p>\n<\/div><div class=\"fusion-clearfix\"><\/div><\/div><\/div><\/div><\/div>\n","protected":false},"excerpt":{"rendered":"","protected":false},"author":1,"featured_media":0,"parent":0,"menu_order":0,"comment_status":"closed","ping_status":"closed","template":"","meta":{"footnotes":""},"class_list":["post-2878","page","type-page","status-publish","hentry"],"yoast_head":"<!-- This site is optimized with the Yoast SEO plugin v27.5 - https:\/\/yoast.com\/product\/yoast-seo-wordpress\/ -->\n<title>POLITIQUE DE CONFIDENTIALIT\u00c9 ET DE PROTECTION DES DONN\u00c9ES - Manufacturas Polisac<\/title>\n<meta name=\"robots\" content=\"index, follow, max-snippet:-1, max-image-preview:large, max-video-preview:-1\" \/>\n<link rel=\"canonical\" href=\"https:\/\/www.polisac.com\/fr\/politique-de-confidentialite-et-de-protection-des-donnees\/\" \/>\n<meta property=\"og:locale\" content=\"fr_FR\" \/>\n<meta property=\"og:type\" content=\"article\" \/>\n<meta property=\"og:title\" content=\"POLITIQUE DE CONFIDENTIALIT\u00c9 ET DE PROTECTION DES DONN\u00c9ES - Manufacturas Polisac\" \/>\n<meta property=\"og:url\" content=\"https:\/\/www.polisac.com\/fr\/politique-de-confidentialite-et-de-protection-des-donnees\/\" \/>\n<meta property=\"og:site_name\" content=\"Manufacturas Polisac\" \/>\n<meta name=\"twitter:card\" content=\"summary_large_image\" \/>\n<meta name=\"twitter:label1\" content=\"Dur\u00e9e de lecture estim\u00e9e\" \/>\n\t<meta name=\"twitter:data1\" content=\"7 minutes\" \/>\n<script type=\"application\/ld+json\" class=\"yoast-schema-graph\">{\"@context\":\"https:\\\/\\\/schema.org\",\"@graph\":[{\"@type\":\"WebPage\",\"@id\":\"https:\\\/\\\/www.polisac.com\\\/fr\\\/politique-de-confidentialite-et-de-protection-des-donnees\\\/\",\"url\":\"https:\\\/\\\/www.polisac.com\\\/fr\\\/politique-de-confidentialite-et-de-protection-des-donnees\\\/\",\"name\":\"POLITIQUE DE CONFIDENTIALIT\u00c9 ET DE PROTECTION DES DONN\u00c9ES - Manufacturas Polisac\",\"isPartOf\":{\"@id\":\"https:\\\/\\\/www.polisac.com\\\/#website\"},\"datePublished\":\"2018-09-21T10:20:46+00:00\",\"breadcrumb\":{\"@id\":\"https:\\\/\\\/www.polisac.com\\\/fr\\\/politique-de-confidentialite-et-de-protection-des-donnees\\\/#breadcrumb\"},\"inLanguage\":\"fr-FR\",\"potentialAction\":[{\"@type\":\"ReadAction\",\"target\":[\"https:\\\/\\\/www.polisac.com\\\/fr\\\/politique-de-confidentialite-et-de-protection-des-donnees\\\/\"]}]},{\"@type\":\"BreadcrumbList\",\"@id\":\"https:\\\/\\\/www.polisac.com\\\/fr\\\/politique-de-confidentialite-et-de-protection-des-donnees\\\/#breadcrumb\",\"itemListElement\":[{\"@type\":\"ListItem\",\"position\":1,\"name\":\"Home\",\"item\":\"https:\\\/\\\/www.polisac.com\\\/fr\\\/\"},{\"@type\":\"ListItem\",\"position\":2,\"name\":\"POLITIQUE DE CONFIDENTIALIT\u00c9 ET DE PROTECTION DES DONN\u00c9ES\"}]},{\"@type\":\"WebSite\",\"@id\":\"https:\\\/\\\/www.polisac.com\\\/#website\",\"url\":\"https:\\\/\\\/www.polisac.com\\\/\",\"name\":\"Manufacturas Polisac\",\"description\":\"\",\"publisher\":{\"@id\":\"https:\\\/\\\/www.polisac.com\\\/#organization\"},\"potentialAction\":[{\"@type\":\"SearchAction\",\"target\":{\"@type\":\"EntryPoint\",\"urlTemplate\":\"https:\\\/\\\/www.polisac.com\\\/?s={search_term_string}\"},\"query-input\":{\"@type\":\"PropertyValueSpecification\",\"valueRequired\":true,\"valueName\":\"search_term_string\"}}],\"inLanguage\":\"fr-FR\"},{\"@type\":\"Organization\",\"@id\":\"https:\\\/\\\/www.polisac.com\\\/#organization\",\"name\":\"Polisac\",\"url\":\"https:\\\/\\\/www.polisac.com\\\/\",\"logo\":{\"@type\":\"ImageObject\",\"inLanguage\":\"fr-FR\",\"@id\":\"https:\\\/\\\/www.polisac.com\\\/#\\\/schema\\\/logo\\\/image\\\/\",\"url\":\"https:\\\/\\\/www.polisac.com\\\/wp-content\\\/uploads\\\/2018\\\/07\\\/cover_presentacion.jpg\",\"contentUrl\":\"https:\\\/\\\/www.polisac.com\\\/wp-content\\\/uploads\\\/2018\\\/07\\\/cover_presentacion.jpg\",\"width\":1260,\"height\":780,\"caption\":\"Polisac\"},\"image\":{\"@id\":\"https:\\\/\\\/www.polisac.com\\\/#\\\/schema\\\/logo\\\/image\\\/\"}}]}<\/script>\n<!-- \/ Yoast SEO plugin. -->","yoast_head_json":{"title":"POLITIQUE DE CONFIDENTIALIT\u00c9 ET DE PROTECTION DES DONN\u00c9ES - Manufacturas Polisac","robots":{"index":"index","follow":"follow","max-snippet":"max-snippet:-1","max-image-preview":"max-image-preview:large","max-video-preview":"max-video-preview:-1"},"canonical":"https:\/\/www.polisac.com\/fr\/politique-de-confidentialite-et-de-protection-des-donnees\/","og_locale":"fr_FR","og_type":"article","og_title":"POLITIQUE DE CONFIDENTIALIT\u00c9 ET DE PROTECTION DES DONN\u00c9ES - Manufacturas Polisac","og_url":"https:\/\/www.polisac.com\/fr\/politique-de-confidentialite-et-de-protection-des-donnees\/","og_site_name":"Manufacturas Polisac","twitter_card":"summary_large_image","twitter_misc":{"Dur\u00e9e de lecture estim\u00e9e":"7 minutes"},"schema":{"@context":"https:\/\/schema.org","@graph":[{"@type":"WebPage","@id":"https:\/\/www.polisac.com\/fr\/politique-de-confidentialite-et-de-protection-des-donnees\/","url":"https:\/\/www.polisac.com\/fr\/politique-de-confidentialite-et-de-protection-des-donnees\/","name":"POLITIQUE DE CONFIDENTIALIT\u00c9 ET DE PROTECTION DES DONN\u00c9ES - Manufacturas Polisac","isPartOf":{"@id":"https:\/\/www.polisac.com\/#website"},"datePublished":"2018-09-21T10:20:46+00:00","breadcrumb":{"@id":"https:\/\/www.polisac.com\/fr\/politique-de-confidentialite-et-de-protection-des-donnees\/#breadcrumb"},"inLanguage":"fr-FR","potentialAction":[{"@type":"ReadAction","target":["https:\/\/www.polisac.com\/fr\/politique-de-confidentialite-et-de-protection-des-donnees\/"]}]},{"@type":"BreadcrumbList","@id":"https:\/\/www.polisac.com\/fr\/politique-de-confidentialite-et-de-protection-des-donnees\/#breadcrumb","itemListElement":[{"@type":"ListItem","position":1,"name":"Home","item":"https:\/\/www.polisac.com\/fr\/"},{"@type":"ListItem","position":2,"name":"POLITIQUE DE CONFIDENTIALIT\u00c9 ET DE PROTECTION DES DONN\u00c9ES"}]},{"@type":"WebSite","@id":"https:\/\/www.polisac.com\/#website","url":"https:\/\/www.polisac.com\/","name":"Manufacturas Polisac","description":"","publisher":{"@id":"https:\/\/www.polisac.com\/#organization"},"potentialAction":[{"@type":"SearchAction","target":{"@type":"EntryPoint","urlTemplate":"https:\/\/www.polisac.com\/?s={search_term_string}"},"query-input":{"@type":"PropertyValueSpecification","valueRequired":true,"valueName":"search_term_string"}}],"inLanguage":"fr-FR"},{"@type":"Organization","@id":"https:\/\/www.polisac.com\/#organization","name":"Polisac","url":"https:\/\/www.polisac.com\/","logo":{"@type":"ImageObject","inLanguage":"fr-FR","@id":"https:\/\/www.polisac.com\/#\/schema\/logo\/image\/","url":"https:\/\/www.polisac.com\/wp-content\/uploads\/2018\/07\/cover_presentacion.jpg","contentUrl":"https:\/\/www.polisac.com\/wp-content\/uploads\/2018\/07\/cover_presentacion.jpg","width":1260,"height":780,"caption":"Polisac"},"image":{"@id":"https:\/\/www.polisac.com\/#\/schema\/logo\/image\/"}}]}},"_links":{"self":[{"href":"https:\/\/www.polisac.com\/fr\/wp-json\/wp\/v2\/pages\/2878","targetHints":{"allow":["GET"]}}],"collection":[{"href":"https:\/\/www.polisac.com\/fr\/wp-json\/wp\/v2\/pages"}],"about":[{"href":"https:\/\/www.polisac.com\/fr\/wp-json\/wp\/v2\/types\/page"}],"author":[{"embeddable":true,"href":"https:\/\/www.polisac.com\/fr\/wp-json\/wp\/v2\/users\/1"}],"replies":[{"embeddable":true,"href":"https:\/\/www.polisac.com\/fr\/wp-json\/wp\/v2\/comments?post=2878"}],"version-history":[{"count":1,"href":"https:\/\/www.polisac.com\/fr\/wp-json\/wp\/v2\/pages\/2878\/revisions"}],"predecessor-version":[{"id":2879,"href":"https:\/\/www.polisac.com\/fr\/wp-json\/wp\/v2\/pages\/2878\/revisions\/2879"}],"wp:attachment":[{"href":"https:\/\/www.polisac.com\/fr\/wp-json\/wp\/v2\/media?parent=2878"}],"curies":[{"name":"wp","href":"https:\/\/api.w.org\/{rel}","templated":true}]}}